{"id":26575,"date":"2024-01-18T14:47:11","date_gmt":"2024-01-18T22:47:11","guid":{"rendered":"https:\/\/marylandefc.org\/?page_id=26575"},"modified":"2025-04-10T11:40:36","modified_gmt":"2025-04-10T18:40:36","slug":"how-we-work","status":"publish","type":"page","link":"https:\/\/marylandefc.org\/ht\/partners\/how-we-work\/","title":{"rendered":"Kijan nou travay"},"content":{"rendered":"<img loading=\"lazy\" decoding=\"async\" src=\"https:\/\/marylandefc.org\/wp-content\/uploads\/2024\/02\/Group-of-community-members-workign-together.jpg\" alt=\"Group of community members working together\" itemprop=\"image\" height=\"800\" width=\"1200\" title=\"Gwoup manm kominote k ap travay ansanm\" onerror=\"this.style.display='none'\"  \/>\n\t<h1>KIJAN NOU TRAVAYE<\/h1>\n\t<h2>Pwosesis nou an<\/h2>\n<p>EFC rekon\u00e8t ke vizyon nou genyen pou yon eta kote tout timoun, j\u00e8n ak fanmi yo devlope nan relasyon ak anviw\u00f2nman ki an sekirite, ki estab e ki nourisan, n ap bezwen aksyon atrav\u00e8 plizy\u00e8 sist\u00e8m piblik ak prive pou nou rive reyalize li. Se pout\u00e8t sa travay nou an depann de kolaborasyon ak yon ajanda komen pou dirije konv\u00e8sasyon nou an epi trase chemen nou pou pi devan. <\/p>\n\t<h2>Kolaborasyon<\/h2>\n<p>Nan travay li nan plizy\u00e8 sekt\u00e8, soti nan gouv\u00e8nman rive nan \u00f2ganizasyon san bi likratif, edikasyon sipery\u00e8 rive nan gwoup defans dwa moun ki baze nan kominote a, Maryland EFC rekon\u00e8t enp\u00f2tans pou tout moun gen op\u00f2tinite pou patisipe nan pwosesis la. L\u00e8 nou ankouraje epi akeyi yon pak\u00e8t vwa pou yo f\u00e8 tande, n ap f\u00e8 rek\u00f2mandasyon ki baze sou syans, gide pa rech\u00e8ch epi enf\u00f2me pa eksperyans moun viv.\u00a0<\/p>\n<p>Gen dom\u00e8n kote EFC bay lid\u00e8chip nan f\u00e8 rek\u00f2mandasyon politik, defann enter\u00e8 lejislat\u00e8 yo, epi bati yon kowalisyon patn\u00e8. Gen l\u00f2t moman kote EFC bay l\u00f2t \u00f2ganizasyon eksp\u00e8tiz li epi li prezante lid\u00e8 panse atrav\u00e8 peyi a. Pwosesis nou an p\u00e8m\u00e8t nou reponn nan moman an, pou nou dirije l\u00e8 sa neses\u00e8 epi pou nou mache ansanm ak l\u00f2t moun nan kolaborasyon. <\/p>\n\t\t\t\t<img loading=\"lazy\" decoding=\"async\" src=\"https:\/\/marylandefc.org\/wp-content\/uploads\/2024\/02\/Legislators-Dave--scaled.jpg\" alt=\"Legislators gathered at EFC award ceremony\" itemprop=\"image\" height=\"2410\" width=\"2560\" title=\"Lejislat\u00e8 yo ak Dave\" onerror=\"this.style.display='none'\"  \/>\n\t\t<h2>Ajanda Komen<\/h2><h3>Ef\u00f2 Maryland Essentials for Childhood yo swiv prensip gid sa yo:<\/h3>\n\t\t<h3>1. Asire relasyon ak anviw\u00f2nman ki an sekirite, ki estab e ki nourisan<\/h3><p>pou tout timoun ak fanmi yo ka atenn tout potansy\u00e8l yo k\u00f2m sitwayen ki otosifizan, angaje sosyalman e pwodiktif.<\/p>\n\t\t<h3>2. Soutni yon kolaborasyon atrav\u00e8 plizy\u00e8 sekt\u00e8<\/h3><p>pou mennen aktivite estratejik ak ranf\u00f2se mity\u00e8lman ki aliyen ak ajanda komen nou an.<\/p>\n\t\t<h3>3. Pou nou rive atenn objektif nou yo, nou bezwen chanje plizy\u00e8 sist\u00e8m,<\/h3><p>konsantre sou gwo det\u00e8minan sosyal ak ekonomik, chanjan n\u00f2m sosyal ak politik gouv\u00e8nmantal ak enstitisyon\u00e8l yo.<\/p>\n\t\t<h3>4. Sist\u00e8m koneksyon t\u00e8 yo chanje nan pi bon pr\u00e8v ki disponib yo<\/h3><p>epi ap f\u00e8 ef\u00f2 kontiny\u00e8l pou amelyore kalite pwogram, s\u00e8vis ak sist\u00e8m yo.<\/p>\n\t\t<h3>5. Bay swen ki koresponn ak kilti ak lang<\/h3><p>pou moun ki resevwa s\u00e8vis nan pwogram, s\u00e8vis ak sist\u00e8m yo.<\/p>\n\t\t<h3>6. Pran mezi pou diminye inegalite ak disparite<\/h3><p>ki ka evite, enjis e ki ka anpeche pou amelyore sante ak byenn\u00e8t timoun yo an jeneral.<\/p>\n\t\t\t<a href=\"https:\/\/marylandefc.org\/wp-content\/uploads\/2024\/01\/Maryland-Common-Agenda-Document-10-3.docx.pdf\" target=\"_blank\" rel=\"noopener\">\n\t\t\t\t\t\tKontinye Lekti\n\t\t\t\t\t<\/a>\n\t\t\t\t<img loading=\"lazy\" decoding=\"async\" src=\"https:\/\/marylandefc.org\/wp-content\/uploads\/2025\/04\/MD-EFC-Awards-full-group.jpg\" alt=\"MD EFC Awards Full Group\" itemprop=\"image\" height=\"1920\" width=\"1920\" title=\"Prim MD-EFC-gwoup konpl\u00e8\" onerror=\"this.style.display='none'\"  \/>\n\t<h3>Prim Lid\u00e8chip SCCAN ak MD EFC yo<\/h3>\n<p>Depi 2019, <a href=\"\/ht\/about\/how-we-started\/\">ansanm ak SCCAN<\/a>, EFC te bay prim bay moun ak \u00f2ganizasyon enp\u00f2tan nan kategori sa yo pou vizyon eksepsyon\u00e8l, devouman ak angajman anv\u00e8 ACE &amp; Resilience Informed Policy:\u00a0<\/p>\n<h4>Lejislat\u00e8 Ane a:<\/h4>\n<ul>\n<li>Delege CT Wilson pou ane 2019 la<\/li>\n<li>Kongr\u00e8man 2020 Elijah Cummings, pibliye apre lanm\u00f2 li<\/li>\n<li>Senat\u00e8 William C. Smith, Jr. an 2023<\/li>\n<\/ul>\n<p>An 2023, yo te bay Delege CT Wilson Prim Eritaj Lid\u00e8chip Lejislatif la an rekonesans pou sip\u00f2 pwofon ak san fay li anv\u00e8 timoun yo ak angajman li nan ch\u00e8che jistis pou sivivan yo.\u00a0<\/p>\n<h4>Patn\u00e8 Kominot\u00e8 Ane a:<\/h4>\n<ul>\n<li>2018 Kons\u00e8y Administrasyon an ak anplwaye The Family Tree la<\/li>\n<li>2019 Kons\u00e8y Administrasyon an ak anplwaye No More Stolen Childhoods yo<\/li>\n<li>2024 Sant Taghi Modarressi pou Etid sou Tibebe, UMMS<\/li>\n<\/ul>\n<h4>Defans\u00e8 Ane a: <\/h4>\n<ul>\n<li>2018 Frank Kros, MSW, JD<\/li>\n<li>2019 Joan L. Stine, MHS, MS<\/li>\n<li>2022 Wendy G. Lane, MD, MPH<\/li>\n<li>2024 D&#039;Lisa Worthy, M.Ed<\/li>\n<\/ul>","protected":false},"excerpt":{"rendered":"<p>KIJAN NOU TRAVAY Pwosesis nou an EFC rekon\u00e8t ke vizyon nou pou yon eta kote tout timoun, j\u00e8n ak fanmi yo devlope nan relasyon ak anviw\u00f2nman ki an sekirite, ki estab e ki nourisan pral pran aksyon atrav\u00e8 plizy\u00e8 sist\u00e8m piblik ak prive pou reyalize li. Se pout\u00e8t sa travay nou an depann de kolaborasyon ak yon ajanda komen pou dirije konv\u00e8sasyon nou an...<\/p>","protected":false},"author":1,"featured_media":27464,"parent":26571,"menu_order":0,"comment_status":"closed","ping_status":"closed","template":"","meta":{"footnotes":""},"class_list":["post-26575","page","type-page","status-publish","has-post-thumbnail","hentry"],"_links":{"self":[{"href":"https:\/\/marylandefc.org\/ht\/wp-json\/wp\/v2\/pages\/26575","targetHints":{"allow":["GET"]}}],"collection":[{"href":"https:\/\/marylandefc.org\/ht\/wp-json\/wp\/v2\/pages"}],"about":[{"href":"https:\/\/marylandefc.org\/ht\/wp-json\/wp\/v2\/types\/page"}],"author":[{"embeddable":true,"href":"https:\/\/marylandefc.org\/ht\/wp-json\/wp\/v2\/users\/1"}],"replies":[{"embeddable":true,"href":"https:\/\/marylandefc.org\/ht\/wp-json\/wp\/v2\/comments?post=26575"}],"version-history":[{"count":0,"href":"https:\/\/marylandefc.org\/ht\/wp-json\/wp\/v2\/pages\/26575\/revisions"}],"up":[{"embeddable":true,"href":"https:\/\/marylandefc.org\/ht\/wp-json\/wp\/v2\/pages\/26571"}],"wp:featuredmedia":[{"embeddable":true,"href":"https:\/\/marylandefc.org\/ht\/wp-json\/wp\/v2\/media\/27464"}],"wp:attachment":[{"href":"https:\/\/marylandefc.org\/ht\/wp-json\/wp\/v2\/media?parent=26575"}],"curies":[{"name":"wp","href":"https:\/\/api.w.org\/{rel}","templated":true}]}}