{"id":27810,"date":"2024-02-26T00:01:10","date_gmt":"2024-02-26T08:01:10","guid":{"rendered":"https:\/\/marylandefc.org\/?page_id=27810"},"modified":"2026-02-12T15:26:07","modified_gmt":"2026-02-12T23:26:07","slug":"dive-deeper-policy-makers","status":"publish","type":"page","link":"https:\/\/marylandefc.org\/pt\/dive-deeper-policy-makers\/","title":{"rendered":"Mergulhe Mais Fundo | Formuladores de Pol\u00edticas"},"content":{"rendered":"<figure itemscope itemtype=\"https:\/\/schema.org\/ImageObject\">\n\t\t\t\t<img decoding=\"async\" src=\"https:\/\/marylandefc.org\/wp-content\/uploads\/2024\/02\/Maryland-statehouse-at-night.jpg\" alt=\"Maryland statehouse at night\" height=\"800\" width=\"1200\" title=\"Maryland statehouse \u00e0 noite\" onerror=\"this.style.display='none'\" loading=\"lazy\" \/>\n\t<\/figure>\n\t<h1>MERGULHE MAIS FUNDO | FORMULADORES DE POL\u00cdTICAS<\/h1>\n\t<p>EFC understands that developing best practices and policy recommendations for Maryland means collecting and evaluating Maryland data and learning about what&#8217;s happening elsewhere across the country. You can dig deeper by subject matter here.<\/p>\n\t\t<h2>Adversidade na inf\u00e2ncia<\/h2><p><b>Preven\u00e7\u00e3o de experi\u00eancias adversas na inf\u00e2ncia (EAIs): aproveitando as melhores evid\u00eancias dispon\u00edveis<\/b><\/p>\n<p><i>National Center for Injury Prevention and Control (EUA). Divis\u00e3o de Preven\u00e7\u00e3o da Viol\u00eancia, 2019<\/i><\/p>\nDisp\u00f5e <a href=\"https:\/\/stacks.cdc.gov\/view\/cdc\/82316\" target=\"_blank\" rel=\"noopener\">seis \u00e1reas pol\u00edticas principais<\/a> para evitar que os ACEs ocorram em primeiro lugar.<br \/>\n\n<p>&nbsp;<\/p>\n<p><b>Roteiro para Resili\u00eancia: <\/b><b>The California Surgeon General&#8217;s Report on Adverse Childhood Experiences, Toxic Stress, and Health<\/b><\/p>\n<p><i>California Surgeon General&#8217;s Office<\/i><\/p>\n<p><a href=\"https:\/\/osg.ca.gov\/wp-content\/uploads\/sites\/266\/2022\/05\/Roadmap-For-Resilience_CA-Surgeon-Generals-Report-on-ACEs-Toxic-Stress-and-Health_12092020.pdf\" target=\"_blank\" rel=\"noopener\">Este relat\u00f3rio abrangente<\/a> oferece insights essenciais para formuladores de pol\u00edticas, cientistas, provedores de servi\u00e7os de sa\u00fade, educadores e defensores, mas tamb\u00e9m promove solu\u00e7\u00f5es e abordagens baseadas em evid\u00eancias para melhorar a sa\u00fade e a seguran\u00e7a.<\/p>\n\t\t<h3>Desenvolvimento Infantil<\/h3><p><b>Construindo Capacidades Adultas para Melhorar os Resultados Infantis: Uma Teoria da Mudan\u00e7a<\/b><\/p>\n<p><i>Centro Harvard sobre o Desenvolvimento Infantil<\/i><\/p>\n<p><a href=\"https:\/\/www.youtube.com\/watch?v=urU-a_FsS5Y\" target=\"_blank\" rel=\"noopener\">V\u00eddeo de 5 minutos<\/a> depicting a theory of change for achieving breakthrough outcomes for vulnerable children and families. It describes the need to focus on building the capabilities of caregivers and strengthening the communities that together form the environment of relationships essential to children&#8217;s lifelong learning, health, and behavior.<\/p>\n<p>&nbsp;<\/p>\n<p><b>Como crian\u00e7as e adultos podem desenvolver capacidades essenciais para a vida<\/b><\/p>\n<p><i>Centro Harvard sobre o Desenvolvimento Infantil<\/i><\/p>\n<p><a href=\"https:\/\/www.youtube.com\/watch?v=6NehuwDA45Q&amp;t=0s\" target=\"_blank\" rel=\"noopener\">V\u00eddeo de 5 minutos<\/a> exploring the importance of the development and use of core capabilities &#8211; known as executive function and self-regulation skills &#8211; from early childhood into adolescence and adulthood, so that we build communities that thrive.<\/p>\n\t\t<h3>Primeira Inf\u00e2ncia<\/h3><p><b>Site do Centro de Impacto de Pol\u00edticas Pr\u00e9-Natal-3<\/b><\/p>\n<p><i>Centro de Impacto de Pol\u00edticas Pr\u00e9-Natal-3, Universidade Vanderbilt<\/i><\/p>\n<p><a href=\"https:\/\/pn3policy.org\/\" target=\"_blank\" rel=\"noopener\">Centro de Impacto de Pol\u00edticas Pr\u00e9-Natal-3<\/a> empowers states with rigorous evidence to implement effective and equitable policies that ensure all children thrive from the start. Based in Vanderbilt University&#8217;s Peabody College, our team of researchers and nonpartisan policy experts work directly with state leaders to achieve their goals for child and parent wellbeing-as well as the health, safety, and prosperity of communities.<\/p>\n<p>Ver <a href=\"https:\/\/pn3policy.org\/pn-3-state-policy-roadmap-2023\/md\/,\" target=\"_blank\" rel=\"noopener\">Roteiro de Pol\u00edticas de Maryland Pr\u00e9-natal-para-3<\/a>, Maryland&#8217;s current landscape of policies.<\/p>\n<p>&nbsp;<\/p>\n<p><b>S\u00e9rie Em Breve: Resumos de T\u00f3picos de Pesquisa sobre Desenvolvimento Infantil<\/b><\/p>\n<p><i>Centro Harvard sobre o Desenvolvimento Infantil<\/i><\/p>\n<p>Inclui <a href=\"https:\/\/developingchild.harvard.edu\/inbrief-series\/\" target=\"_blank\" rel=\"noopener\">Resumos de pol\u00edticas de 2 a 3 p\u00e1ginas<\/a> sobre conceitos fundamentais do desenvolvimento infantil saud\u00e1vel, incluindo recomenda\u00e7\u00f5es de pol\u00edticas.\u00a0 <\/p>\n\t\t<h3>Maryland PACEs e outros dados de sa\u00fade<\/h3><p><b>MD-IBIS &#8211; Maryland&#8217;s Health Data Resource<\/b><\/p>\n<p><i>Departamento de Sa\u00fade de Maryland<\/i><\/p>\nO MD-IBIS fornece acesso aos dados que podem ajudar a fornecer respostas para concretizar as metas de sa\u00fade de Maryland. Muitos riscos e resultados de sa\u00fade podem ser pesquisados em n\u00edveis jurisdicionais estaduais e locais.<br \/>\n\n<p><a href=\"https:\/\/ibis.health.maryland.gov\/ibisph-view\/about\/Welcome.html\" target=\"_blank\" rel=\"noopener\">Confira o v\u00eddeo<\/a> para pesquisar dados para sua jurisdi\u00e7\u00e3o.<\/p>\n\n<p><strong>Dados ACE do Sistema de Vigil\u00e2ncia de Fatores de Risco Comportamental de Maryland (BRFSS) (2015, 2018, 2020)<\/strong><\/p>\n<p><em>Departamento de Sa\u00fade de Maryland\u00a0<\/em><\/p>\n<p><a href=\"https:\/\/ibis.health.maryland.gov\/ibisph-view\/query\/selection\/brfss\/BRFSSSelection.html\" target=\"_blank\" rel=\"noopener\">Visualizar<\/a> os dados.<\/p>\n<p>&nbsp;<\/p>\n<p><strong>Pesquisa de Fatores de Risco Juvenil de Maryland\/Pesquisa de Tabaco Juvenil (YRBS\/YTS) Dados PACEs (2018-19, 2020-21)<\/strong><\/p>\n<p><em>Departamento de Sa\u00fade de Maryland\u00a0<\/em><\/p>\n<p><a href=\"https:\/\/health.maryland.gov\/phpa\/ccdpc\/Reports\/Pages\/State-Level-Data%2c-2021-2022.aspx\" target=\"_blank\" rel=\"noopener\">Ver<\/a> os dados.<\/p>\n<p>&nbsp;<\/p>\n<p><strong>Strong Roots Grow a Strong Nation &#8211; Maryland Fact Sheet 2021<\/strong><\/p>\n<p><i>CAHMI, Iniciativa de Medi\u00e7\u00e3o da Sa\u00fade Infantil e Adolescente, Escola de Sa\u00fade P\u00fablica Johns Hopkins<\/i><\/p>\n<p><a href=\"https:\/\/www.cahmi.org\/docs\/default-source\/resources\/2021-aces-fact-sheets\/cahmi-state-fact-sheet---md.pdf?sfvrsn=8909459e_4\" target=\"_blank\" rel=\"noopener\">Visualizar<\/a> Dados do Maryland PACEs coletados da Pesquisa Nacional de Sa\u00fade Infantil.<\/p>\n<p>&nbsp;<\/p>\n<p><b>Maryland&#8217;s Health Rankings<\/b><\/p>\n<p><i>America&#8217;s Health Rankings, United Health Foundation<\/i><\/p>\n<p>The longest-running state-by-state analysis of the nation&#8217;s health, the platform provides actionable, data-driven insights that stakeholders can use to effect change in Maryland and other states. The <a href=\"https:\/\/www.americashealthrankings.org\/explore\/states\/MD\" target=\"_blank\" rel=\"noopener\">plataforma<\/a> tem como objetivo ajudar formuladores de pol\u00edticas, l\u00edderes comunit\u00e1rios e autoridades de sa\u00fade a entender melhor as preocupa\u00e7\u00f5es espec\u00edficas de sa\u00fade em suas pr\u00f3prias comunidades, para que todos possamos trabalhar juntos para enfrentar os desafios de sa\u00fade.<\/p>\n\t\t<h3>Dados nacionais do PACE<\/h3><p><b>Sinais vitais do CDC<\/b><\/p>\n<p><em>Centros de Controle e Preven\u00e7\u00e3o de Doen\u00e7as<\/em><\/p>\n<p>O <a href=\"https:\/\/www.cdc.gov\/vitalsigns\/aces\/pdf\/vs-1105-aces-H.pdf\" target=\"_blank\" rel=\"noopener\">Sinais vitais do CDC<\/a> Os relat\u00f3rios abordam amea\u00e7as importantes \u00e0 sa\u00fade, desta vez sobre ACEs, e o que pode ser feito para reduzir doen\u00e7as.<\/p>\n<b><br \/>\nFlorescendo em a\u00e7\u00e3o: dados nacionais, estaduais e locais<\/b>\n<p><i>CAMHI, Iniciativa de Medi\u00e7\u00e3o da Sa\u00fade Infantil e Adolescente, Escola de Sa\u00fade P\u00fablica Johns Hopkins Bloomberg<\/i><\/p>\n<p>Compara\u00e7\u00e3o individual entre estados e pa\u00edses <a href=\"https:\/\/www.cahmi.org\/our-work-in-action\/flourishing-in-action\/data\" target=\"_blank\" rel=\"noopener\">folhas de dados<\/a> using 2018\/2019 National Survey of Children&#8217;s Health data regarding the prevalence of adverse childhood experiences (ACEs) and key child outcomes such as bullying, school engagement, resilience and flourishing.<\/p>\n\t\t<h3>V\u00edcio<\/h3><p><b>Facing Addiction in America: The Surgeon General&#8217;s Report on Alcohol, Drugs, and Health<\/b><\/p>\n<p><i>Gabinete do Cirurgi\u00e3o Geral<\/i><\/p>\n<p><a href=\"https:\/\/store.samhsa.gov\/sites\/default\/files\/surgeon-generals-report.pdf\" target=\"_blank\" rel=\"noopener\">Chamada para a\u00e7\u00e3o de 413 p\u00e1ginas<\/a> para acabar com a crise de sa\u00fade p\u00fablica causada pelo v\u00edcio, incluindo as principais descobertas e recomenda\u00e7\u00f5es para pol\u00edticas e programas baseados em evid\u00eancias.<\/p>\n\t\t<h3>Abuso Sexual Infantil<\/h3><p><b>Prevenir Juntos: O Plano Nacional de Preven\u00e7\u00e3o do Abuso e Explora\u00e7\u00e3o Sexual Infantil<\/b><\/p>\n<p><i>Coaliz\u00e3o Nacional para Prevenir o Abuso e a Explora\u00e7\u00e3o Sexual Infantil<\/i><\/p>\n<p>Provides a framework &#8211; <a href=\"https:\/\/preventtogether.org\/wp-content\/uploads\/2023\/10\/National-Plan_Oct2023.pdf\" target=\"_blank\" rel=\"noopener\">Seis Pilares para Prevenir o Abuso e a Explora\u00e7\u00e3o Sexual Infantil<\/a> &#8211; for effective, comprehensive, and holistic prevention interventions, including policies, to prevent child sexual abuse before it occurs.<\/p>\n<p>&nbsp;<\/p>\n<p><b>Child USA&#8217;s Gold Standard: Policy Recommendations for Preventing Child Sexual Abuse<\/b><\/p>\n<p><i>Crian\u00e7a EUA<\/i><\/p>\n<p><a href=\"https:\/\/childusa.org\/wp-content\/uploads\/2021\/07\/CHILD-USAs-Gold-Standard.pdf\" target=\"_blank\" rel=\"noopener\">Guia de 23 p\u00e1ginas<\/a> descrevendo medidas que organiza\u00e7\u00f5es que atendem crian\u00e7as e jovens podem tomar para prevenir o abuso sexual infantil.<\/p>\n\t\t<h3>Pobreza infantil<\/h3><p><b>The Brain Architects Podcast: A New Lens on Poverty &#8211; Working Towards Fairness of Place in the United States<\/b><\/p>\n<p><em>Centro Harvard sobre o Desenvolvimento Infantil<\/em><\/p>\n<p><a href=\"https:\/\/developingchild.harvard.edu\/resources\/the-brain-architects-podcast-a-new-lens-on-poverty\/\" target=\"_blank\" rel=\"noopener\">Podcast<\/a> apresenta uma discuss\u00e3o com os coautores Mona Hanna-Attisha, MD, MPH, FAAP e H. Luke Shaefer, PhD, e seu livro, <i>A injusti\u00e7a do lugar: descobrindo o legado da pobreza na Am\u00e9rica<\/i>. Ele explora o novo programa inovador, <i>Crian\u00e7as Rx<\/i>, um esfor\u00e7o inovador para abordar a pobreza infantil e melhorar a equidade em sa\u00fade.<\/p>\n\t\t<h3>Servi\u00e7os de interven\u00e7\u00e3o precoce\/marcos<\/h3><p><b>Interven\u00e7\u00e3o Precoce: Um Apoio Cr\u00edtico para Beb\u00eas, Crian\u00e7as Pequenas e Fam\u00edlias<\/b><\/p>\n<p><i>CLASP e Zero a Tr\u00eas<\/i><\/p>\n<p><a href=\"https:\/\/www.clasp.org\/wp-content\/uploads\/2022\/01\/2017_EarlyInterventionACriticalSupport.pdf\" target=\"_blank\" rel=\"noopener\">Resumo de pol\u00edtica de 4 p\u00e1ginas<\/a> sobre a import\u00e2ncia da interven\u00e7\u00e3o precoce e as lacunas nas pol\u00edticas estaduais e federais.<\/p>\n\t\t<h3>Epigen\u00e9tica<\/h3><p><b>O que \u00e9 Epigen\u00e9tica? E como ela se relaciona com o desenvolvimento infantil?<\/b><\/p>\n<p><i>Centro Harvard sobre o Desenvolvimento Infantil<\/i><\/p>\n<p><a href=\"https:\/\/drive.google.com\/file\/d\/16H-LghnJUNp9PMOe78wajhQ-kooePuQt\/view\" target=\"_blank\" rel=\"noopener\">Infogr\u00e1fico<\/a> explicando a ci\u00eancia epigen\u00e9tica e as implica\u00e7\u00f5es pol\u00edticas para melhorar os resultados para as crian\u00e7as e a sociedade.<\/p>\n<p>&nbsp;<\/p>\n<p><b>Epigen\u00e9tica: Por que a heran\u00e7a \u00e9 mais estranha do que pens\u00e1vamos<\/b><\/p>\n<p><i>Minuto da Terra<\/i><\/p>\n<p><a href=\"https:\/\/www.youtube.com\/watch?v=AvB0q3mg4sQ\" target=\"_blank\" rel=\"noopener\">V\u00eddeo de 3 minutos<\/a> sobre epigen\u00e9tica e seu impacto no comportamento humano.<\/p>\n\t\t<h3>Solid\u00e3o e Isolamento<\/h3><p><b>Our Epidemic of Loneliness &amp; Isolation: The Surgeon General&#8217;s Advisory on the Healing Effects of Social Connection and Community, 2023<\/b><\/p>\n<p><i>Gabinete do Cirurgi\u00e3o Geral<\/i><\/p>\n<p><a href=\"https:\/\/www.hhs.gov\/sites\/default\/files\/surgeon-general-social-connection-advisory.pdf\" target=\"_blank\" rel=\"noopener\">82-page Surgeon General&#8217;s Advisory<\/a> that calls the American people&#8217;s attention to an urgent public health of loneliness and isolation and provides recommendations for how it should be addressed.<\/p>\n\t\t<h3>Racismo<\/h3><p><b>Understanding Racism&#8217;s Impact on Child Development<\/b><\/p>\n<p><em>Centro Harvard sobre o Desenvolvimento Infantil\u00a0\u00a0<\/em><\/p>\n<p>Experts across various fields share their latest research and potential solutions to promote healthy child development and dismantle systemic racism; exploring how racism gets &#8220;under the skin&#8221; to impact children&#8217;s development as well as contributes to unequal access to opportunity. <a href=\"https:\/\/developingchild.harvard.edu\/resources\/understanding-racisms-impact-on-child-development\/\" target=\"_blank\" rel=\"noopener\">Assista ao v\u00eddeo<\/a>.<\/p>\n<b><br \/>\nComo a ci\u00eancia do desenvolvimento pode nos ajudar a lidar com as desigualdades durante a adolesc\u00eancia<\/b>\n<p><i>Centro da UCLA para o Desenvolvimento do Adolescente<\/i><\/p>\n<p><a href=\"https:\/\/developingadolescent.semel.ucla.edu\/assets\/uploads\/research\/resources\/Equity_brief_Nov20_%28updated_11421_by_KI%29.pdf\" target=\"_blank\" rel=\"noopener\">Pol\u00edtica de 4 p\u00e1ginas<\/a> brief that examines how principles of developmental science could play a part in creating more equity in outcomes for all adolescents.<\/p>\n<b><br \/>\nComo a ci\u00eancia do desenvolvimento pode ajudar a lidar com o racismo estrutural anti-negro durante a adolesc\u00eancia<\/b>\u00a0\n<p><i>Centro da UCLA para o Desenvolvimento do Adolescente<\/i><\/p>\n<p><a href=\"https:\/\/developingadolescent.semel.ucla.edu\/assets\/uploads\/research\/resources\/Anti-racism_brief_Sep21.pdf\" target=\"_blank\" rel=\"noopener\">Resumo de 7 p\u00e1ginas<\/a> sobre como a ci\u00eancia do desenvolvimento pode apoiar solu\u00e7\u00f5es que abordem as injusti\u00e7as e os desafios raciais enfrentados por adolescentes negros.<\/p>\n<b><br \/>\nO que significa ser antirracista?<\/b>\n<p><i>Acima do Ru\u00eddo<\/i><\/p>\n<p><a href=\"https:\/\/mpt.pbslearningmedia.org\/resource\/what-does-it-mean-to-be-anti-racist-video\/above-the-noise\/\" target=\"_blank\" rel=\"noopener\">V\u00eddeo de 10 minutos<\/a> sobre o que significa ser antirracista e por que isso \u00e9 importante.<\/p>\n\t\t<h3>Youth Depression &#038; Suicide<\/h3><p><b>O que os jovens em crise precisam de suas comunidades?<\/b><\/p>\n<p><i>Linha de texto de crise<\/i><\/p>\n<p><a href=\"https:\/\/www.crisistextline.org\/wp-content\/uploads\/2024\/02\/community-resilience-report.pdf\" target=\"_blank\" rel=\"noopener\">Leia este relat\u00f3rio<\/a> sobre solu\u00e7\u00f5es para a epidemia de depress\u00e3o e suic\u00eddio entre adolescentes nos Estados Unidos.<\/p>\n\t<h3>\u00cdndice<\/h3>\n<ul>\n<li><a href=\"#childhood-adversity\">Adversidade na inf\u00e2ncia<\/a><\/li>\n<li><a href=\"#childhood-development\">Desenvolvimento Infantil<\/a><\/li>\n<li><a href=\"#early-childhood\">Primeira Inf\u00e2ncia<\/a><\/li>\n<li><a href=\"#paces-health-data\">Maryland PACEs e outros dados de sa\u00fade<\/a><\/li>\n<li><a href=\"#national-paces-data\">Dados nacionais do PACE<\/a><\/li>\n<li><a href=\"#addiction\">V\u00edcio<\/a><\/li>\n<li><a href=\"#child-sexual-abuse\">Abuso Sexual Infantil<\/a><\/li>\n<li><a href=\"#child-poverty\">Pobreza infantil<\/a><\/li>\n<li><a href=\"#intervention\">Interven\u00e7\u00e3o<\/a><\/li>\n<li><a href=\"#epigenetics\">Epigen\u00e9tica<\/a><\/li>\n<li><a href=\"#loneliness\">Solid\u00e3o e Isolamento<\/a><\/li>\n<li><a href=\"#racism\">Racismo<\/a><\/li>\n<li><a href=\"#youth-depression\">Depress\u00e3o juvenil<\/a><\/li>\n<\/ul>","protected":false},"excerpt":{"rendered":"<p>DIVE DEEPER | POLICY MAKERS EFC understands that developing best practices and policy recommendations for Maryland means collecting and evaluating Maryland data and learning about what&#8217;s happening elsewhere across the country. You can dig deeper by subject matter here. Childhood Adversity Preventing adverse childhood experiences (ACEs): leveraging the best available evidence National Center for Injury&hellip;<\/p>","protected":false},"author":1,"featured_media":28022,"parent":0,"menu_order":0,"comment_status":"closed","ping_status":"closed","template":"","meta":{"footnotes":""},"class_list":["post-27810","page","type-page","status-publish","has-post-thumbnail","hentry"],"_links":{"self":[{"href":"https:\/\/marylandefc.org\/pt\/wp-json\/wp\/v2\/pages\/27810","targetHints":{"allow":["GET"]}}],"collection":[{"href":"https:\/\/marylandefc.org\/pt\/wp-json\/wp\/v2\/pages"}],"about":[{"href":"https:\/\/marylandefc.org\/pt\/wp-json\/wp\/v2\/types\/page"}],"author":[{"embeddable":true,"href":"https:\/\/marylandefc.org\/pt\/wp-json\/wp\/v2\/users\/1"}],"replies":[{"embeddable":true,"href":"https:\/\/marylandefc.org\/pt\/wp-json\/wp\/v2\/comments?post=27810"}],"version-history":[{"count":0,"href":"https:\/\/marylandefc.org\/pt\/wp-json\/wp\/v2\/pages\/27810\/revisions"}],"wp:featuredmedia":[{"embeddable":true,"href":"https:\/\/marylandefc.org\/pt\/wp-json\/wp\/v2\/media\/28022"}],"wp:attachment":[{"href":"https:\/\/marylandefc.org\/pt\/wp-json\/wp\/v2\/media?parent=27810"}],"curies":[{"name":"wp","href":"https:\/\/api.w.org\/{rel}","templated":true}]}}